{"id":2518,"date":"2016-03-14T12:41:39","date_gmt":"2016-03-14T11:41:39","guid":{"rendered":"https:\/\/www.fleckenstein.fr\/?page_id=2518&#038;lang=de"},"modified":"2017-01-06T17:00:18","modified_gmt":"2017-01-06T16:00:18","slug":"in-der-naeheren-umgebung","status":"publish","type":"page","link":"https:\/\/www.fleckenstein.fr\/de\/der-fleckenstein\/rund-um-fleckenstein\/in-der-naeheren-umgebung\/","title":{"rendered":"Autour du ch\u00e2teau \/ In der n\u00e4heren Umgebung"},"content":{"rendered":"<p><div class=\"fusion-fullwidth fullwidth-box fusion-builder-row-1 fusion-parallax-none nonhundred-percent-fullwidth non-hundred-percent-height-scrolling\" style=\"--awb-background-position:center bottom;--awb-border-radius-top-left:0px;--awb-border-radius-top-right:0px;--awb-border-radius-bottom-right:0px;--awb-border-radius-bottom-left:0px;--awb-padding-top:20px;--awb-padding-right:0px;--awb-padding-bottom:20px;--awb-padding-left:0px;--awb-background-image:url(&quot;https:\/\/www.fleckenstein.fr\/wp-content\/uploads\/2015\/12\/Fleckenstein-autour.jpg&quot;);--awb-background-size:cover;--awb-border-sizes-top:0px;--awb-border-sizes-bottom:0px;--awb-flex-wrap:wrap;\" ><div class=\"fusion-builder-row fusion-row\"><div class=\"fusion-layout-column fusion_builder_column fusion-builder-column-0 fusion_builder_column_1_1 1_1 fusion-one-full fusion-column-first fusion-column-last fusion-column-no-min-height\" style=\"--awb-bg-size:cover;--awb-margin-bottom:0px;\"><div class=\"fusion-column-wrapper fusion-flex-column-wrapper-legacy\"><div class=\"fusion-sep-clear\"><\/div><div class=\"fusion-separator fusion-full-width-sep\" style=\"margin-left: auto;margin-right: auto;margin-top:260px;width:100%;\"><\/div><div class=\"fusion-sep-clear\"><\/div><div class=\"fusion-clearfix\"><\/div><\/div><\/div><div class=\"fusion-layout-column fusion_builder_column fusion-builder-column-1 fusion_builder_column_1_6 1_6 fusion-one-sixth fusion-column-first\" style=\"--awb-bg-size:cover;width:13.3333%; margin-right: 4%;\"><div class=\"fusion-column-wrapper fusion-flex-column-wrapper-legacy\"><div class=\"fusion-clearfix\"><\/div><\/div><\/div><div class=\"fusion-layout-column fusion_builder_column fusion-builder-column-2 fusion_builder_column_2_3 2_3 fusion-two-third\" style=\"--awb-padding-top:20px;--awb-padding-right:20px;--awb-padding-bottom:20px;--awb-padding-left:20px;--awb-bg-image:url(&#039;https:\/\/www.fleckenstein.fr\/wp-content\/uploads\/2015\/09\/noir-trame.png&#039;);--awb-bg-repeat:repeat;\"><div class=\"fusion-column-wrapper fusion-flex-column-wrapper-legacy fusion-column-has-bg-image\" data-bg-url=\"https:\/\/www.fleckenstein.fr\/wp-content\/uploads\/2015\/09\/noir-trame.png\"><div class=\"fusion-column-content-centered\"><div class=\"fusion-column-content\"><div class=\"fusion-text fusion-text-1\"><h1 style=\"text-align: center;\"><span style=\"color: #ffffff;\">In der n\u00e4heren Umgebung<\/span><\/h1>\n<\/div><\/div><\/div><div class=\"fusion-clearfix\"><\/div><\/div><\/div><div class=\"fusion-layout-column fusion_builder_column fusion-builder-column-3 fusion_builder_column_1_6 1_6 fusion-one-sixth fusion-column-last\" style=\"--awb-bg-size:cover;width:13.3333%;\"><div class=\"fusion-column-wrapper fusion-flex-column-wrapper-legacy\"><div class=\"fusion-clearfix\"><\/div><\/div><\/div><div class=\"fusion-layout-column fusion_builder_column fusion-builder-column-4 fusion_builder_column_1_1 1_1 fusion-one-full fusion-column-first fusion-column-last fusion-column-no-min-height\" style=\"--awb-bg-size:cover;--awb-margin-bottom:0px;\"><div class=\"fusion-column-wrapper fusion-flex-column-wrapper-legacy\"><div class=\"fusion-sep-clear\"><\/div><div class=\"fusion-separator fusion-full-width-sep\" style=\"margin-left: auto;margin-right: auto;margin-top:20px;width:100%;\"><\/div><div class=\"fusion-sep-clear\"><\/div><div class=\"fusion-clearfix\"><\/div><\/div><\/div><\/div><\/div><div class=\"fusion-fullwidth fullwidth-box fusion-builder-row-2 hundred-percent-fullwidth non-hundred-percent-height-scrolling fusion-equal-height-columns\" style=\"--awb-background-position:left top;--awb-border-radius-top-left:0px;--awb-border-radius-top-right:0px;--awb-border-radius-bottom-right:0px;--awb-border-radius-bottom-left:0px;--awb-padding-top:0px;--awb-padding-right:0px;--awb-padding-bottom:0px;--awb-padding-left:0px;--awb-background-color:#f2f0ea;--awb-border-sizes-top:0px;--awb-border-sizes-bottom:0px;--awb-flex-wrap:wrap;\" ><div class=\"fusion-builder-row fusion-row\"><div class=\"fusion-layout-column fusion_builder_column fusion-builder-column-5 fusion_builder_column_1_2 1_2 fusion-one-half fusion-column-first\" style=\"--awb-padding-top:10%;--awb-padding-right:10%;--awb-padding-bottom:10%;--awb-padding-left:10%;--awb-bg-size:cover;--awb-margin-bottom:0px;\"><div class=\"fusion-column-wrapper fusion-flex-column-wrapper-legacy\"><div class=\"fusion-text fusion-text-2\"><h3 style=\"text-align: left;\">In der n\u00e4heren Umgebung<\/h3>\n<\/div><div class=\"fusion-sep-clear\"><\/div><div class=\"fusion-separator fusion-clearfix\" style=\"float:left;margin-top:20px;margin-bottom:30px;width:100%;max-width:170px;\"><div class=\"fusion-separator-border sep-single sep-solid\" style=\"--awb-height:20px;--awb-amount:20px;border-color:#e0dede;border-top-width:1px;\"><\/div><\/div><div class=\"fusion-sep-clear\"><\/div><div class=\"fusion-text fusion-text-3\"><p>Dieser Weg f\u00fchrt vom Parkplatz zum Empfangsbereich des Fleckensteins. Sch\u00f6n im<\/p>\n<p>Schatten gelegen informiert er an mehreren Stationen \u00fcber das Know-how bez\u00fcglich der\u00a0\u201efr\u00fcheren sogenannten schwarzen Berge\u201c.<\/p>\n<p>Animationen in der letzten Juliwoche<\/p>\n<\/div><div class=\"fusion-clearfix\"><\/div><\/div><\/div><div class=\"fusion-layout-column fusion_builder_column fusion-builder-column-6 fusion_builder_column_1_2 1_2 fusion-one-half fusion-column-last\" style=\"--awb-bg-image:url(&#039;https:\/\/www.fleckenstein.fr\/wp-content\/uploads\/2015\/09\/Fleckenstein-defit.jpg&#039;);--awb-bg-position:center center;--awb-bg-size:cover;--awb-margin-bottom:0px;\"><div class=\"fusion-column-wrapper fusion-flex-column-wrapper-legacy fusion-empty-column-bg-image fusion-column-has-bg-image\" data-bg-url=\"https:\/\/www.fleckenstein.fr\/wp-content\/uploads\/2015\/09\/Fleckenstein-defit.jpg\"><img decoding=\"async\" class=\"fusion-empty-dims-img-placeholder fusion-no-large-visibility\" aria-label=\"Fleckenstein-defit\" src=\"data:image\/svg+xml,%3Csvg%20xmlns%3D%27http%3A%2F%2Fwww.w3.org%2F2000%2Fsvg%27%20width%3D%272500%27%20height%3D%271667%27%20viewBox%3D%270%200%202500%201667%27%3E%3Crect%20width%3D%272500%27%20height%3D%271667%27%20fill-opacity%3D%220%22%2F%3E%3C%2Fsvg%3E\"><div class=\"fusion-clearfix\"><\/div><\/div><\/div><\/div><\/div><div class=\"fusion-fullwidth fullwidth-box fusion-builder-row-3 hundred-percent-fullwidth non-hundred-percent-height-scrolling fusion-equal-height-columns\" style=\"--awb-background-position:left top;--awb-border-radius-top-left:0px;--awb-border-radius-top-right:0px;--awb-border-radius-bottom-right:0px;--awb-border-radius-bottom-left:0px;--awb-padding-top:0px;--awb-padding-right:0px;--awb-padding-bottom:0px;--awb-padding-left:0px;--awb-background-color:#f2f0ea;--awb-border-sizes-top:0px;--awb-border-sizes-bottom:0px;--awb-flex-wrap:wrap;\" ><div class=\"fusion-builder-row fusion-row\"><div class=\"fusion-layout-column fusion_builder_column fusion-builder-column-7 fusion_builder_column_1_2 1_2 fusion-one-half fusion-column-first\" style=\"--awb-bg-image:url(&#039;https:\/\/www.fleckenstein.fr\/wp-content\/uploads\/2015\/09\/Fleckenstein.jpg&#039;);--awb-bg-position:center center;--awb-bg-size:cover;--awb-margin-bottom:0px;\"><div class=\"fusion-column-wrapper fusion-flex-column-wrapper-legacy fusion-empty-column-bg-image fusion-column-has-bg-image\" data-bg-url=\"https:\/\/www.fleckenstein.fr\/wp-content\/uploads\/2015\/09\/Fleckenstein.jpg\"><img decoding=\"async\" class=\"fusion-empty-dims-img-placeholder fusion-no-large-visibility\" aria-label=\"Fleckenstein\" src=\"data:image\/svg+xml,%3Csvg%20xmlns%3D%27http%3A%2F%2Fwww.w3.org%2F2000%2Fsvg%27%20width%3D%271382%27%20height%3D%27922%27%20viewBox%3D%270%200%201382%20922%27%3E%3Crect%20width%3D%271382%27%20height%3D%27922%27%20fill-opacity%3D%220%22%2F%3E%3C%2Fsvg%3E\"><div class=\"fusion-clearfix\"><\/div><\/div><\/div><div class=\"fusion-layout-column fusion_builder_column fusion-builder-column-8 fusion_builder_column_1_2 1_2 fusion-one-half fusion-column-last\" style=\"--awb-padding-top:10%;--awb-padding-right:10%;--awb-padding-bottom:10%;--awb-padding-left:10%;--awb-bg-size:cover;--awb-margin-bottom:0px;\"><div class=\"fusion-column-wrapper fusion-flex-column-wrapper-legacy\"><div class=\"fusion-text fusion-text-4\"><h3 style=\"text-align: left;\">Der Rundweg um die Burg<\/h3>\n<\/div><div class=\"fusion-sep-clear\"><\/div><div class=\"fusion-separator fusion-clearfix\" style=\"float:left;margin-top:20px;margin-bottom:30px;width:100%;max-width:170px;\"><div class=\"fusion-separator-border sep-single sep-solid\" style=\"--awb-height:20px;--awb-amount:20px;border-color:#e0dede;border-top-width:1px;\"><\/div><\/div><div class=\"fusion-sep-clear\"><\/div><div class=\"fusion-text fusion-text-5\"><p>Dieser Weg ist das ganze Jahr hindurch begehbar. Er ist ein absolutes Muss f\u00fcr jeden, der\u00a0die beeindruckende S\u00fcdseite der Burg nicht verpassen m\u00f6chte.<\/p>\n<\/div><div class=\"fusion-clearfix\"><\/div><\/div><\/div><\/div><\/div><div class=\"fusion-fullwidth fullwidth-box fusion-builder-row-4 hundred-percent-fullwidth non-hundred-percent-height-scrolling fusion-equal-height-columns\" style=\"--awb-background-position:left top;--awb-border-radius-top-left:0px;--awb-border-radius-top-right:0px;--awb-border-radius-bottom-right:0px;--awb-border-radius-bottom-left:0px;--awb-padding-top:0px;--awb-padding-right:0px;--awb-padding-bottom:0px;--awb-padding-left:0px;--awb-background-color:#f2f0ea;--awb-border-sizes-top:0px;--awb-border-sizes-bottom:0px;--awb-flex-wrap:wrap;\" ><div class=\"fusion-builder-row fusion-row\"><div class=\"fusion-layout-column fusion_builder_column fusion-builder-column-9 fusion_builder_column_1_2 1_2 fusion-one-half fusion-column-first\" style=\"--awb-padding-top:10%;--awb-padding-right:10%;--awb-padding-bottom:10%;--awb-padding-left:10%;--awb-bg-size:cover;--awb-margin-bottom:0px;\"><div class=\"fusion-column-wrapper fusion-flex-column-wrapper-legacy\"><div class=\"fusion-text fusion-text-6\"><h3 style=\"text-align: left;\">Der mittelalterliche Spielplatz am Gimbelhof<\/h3>\n<\/div><div class=\"fusion-sep-clear\"><\/div><div class=\"fusion-separator fusion-clearfix\" style=\"float:left;margin-top:20px;margin-bottom:30px;width:100%;max-width:170px;\"><div class=\"fusion-separator-border sep-single sep-solid\" style=\"--awb-height:20px;--awb-amount:20px;border-color:#e0dede;border-top-width:1px;\"><\/div><\/div><div class=\"fusion-sep-clear\"><\/div><div class=\"fusion-text fusion-text-7\"><p>Im Schatten der Kastanienb\u00e4ume und unter Aufsicht der Sandsteinritter ist dieser Spielplatz\u00a0genau das Richtige f\u00fcr die ganz Kleinen, die einfach nicht mehr weg wollen.<\/p>\n<p>Au\u00dferdem\u00a0bietet er eine sch\u00f6ne Aussicht auf die Burg (20 Minuten zu Fu\u00df).<\/p>\n<\/div><div class=\"fusion-clearfix\"><\/div><\/div><\/div><div class=\"fusion-layout-column fusion_builder_column fusion-builder-column-10 fusion_builder_column_1_2 1_2 fusion-one-half fusion-column-last\" style=\"--awb-bg-image:url(&#039;https:\/\/www.fleckenstein.fr\/wp-content\/uploads\/2015\/12\/Fleckenstein-L-aire-de-jeux-medievale.jpg&#039;);--awb-bg-position:center center;--awb-bg-size:cover;--awb-margin-bottom:0px;\"><div class=\"fusion-column-wrapper fusion-flex-column-wrapper-legacy fusion-empty-column-bg-image fusion-column-has-bg-image\" data-bg-url=\"https:\/\/www.fleckenstein.fr\/wp-content\/uploads\/2015\/12\/Fleckenstein-L-aire-de-jeux-medievale.jpg\"><img decoding=\"async\" class=\"fusion-empty-dims-img-placeholder fusion-no-large-visibility\" aria-label=\"Fleckenstein-L-aire-de-jeux-medievale\" src=\"data:image\/svg+xml,%3Csvg%20xmlns%3D%27http%3A%2F%2Fwww.w3.org%2F2000%2Fsvg%27%20width%3D%272000%27%20height%3D%271333%27%20viewBox%3D%270%200%202000%201333%27%3E%3Crect%20width%3D%272000%27%20height%3D%271333%27%20fill-opacity%3D%220%22%2F%3E%3C%2Fsvg%3E\"><div class=\"fusion-clearfix\"><\/div><\/div><\/div><\/div><\/div><div class=\"fusion-fullwidth fullwidth-box fusion-builder-row-5 hundred-percent-fullwidth non-hundred-percent-height-scrolling fusion-equal-height-columns\" style=\"--awb-background-position:left top;--awb-border-radius-top-left:0px;--awb-border-radius-top-right:0px;--awb-border-radius-bottom-right:0px;--awb-border-radius-bottom-left:0px;--awb-padding-top:0px;--awb-padding-right:0px;--awb-padding-bottom:0px;--awb-padding-left:0px;--awb-background-color:#f2f0ea;--awb-border-sizes-top:0px;--awb-border-sizes-bottom:0px;--awb-flex-wrap:wrap;\" ><div class=\"fusion-builder-row fusion-row\"><div class=\"fusion-layout-column fusion_builder_column fusion-builder-column-11 fusion_builder_column_1_2 1_2 fusion-one-half fusion-column-first\" style=\"--awb-bg-image:url(&#039;https:\/\/www.fleckenstein.fr\/wp-content\/uploads\/2015\/07\/visite-rondo1.jpg&#039;);--awb-bg-position:center center;--awb-bg-size:cover;--awb-margin-bottom:0px;\"><div class=\"fusion-column-wrapper fusion-flex-column-wrapper-legacy fusion-empty-column-bg-image fusion-column-has-bg-image\" data-bg-url=\"https:\/\/www.fleckenstein.fr\/wp-content\/uploads\/2015\/07\/visite-rondo1.jpg\"><img decoding=\"async\" class=\"fusion-empty-dims-img-placeholder fusion-no-large-visibility\" src=\"data:image\/svg+xml,%3Csvg%20xmlns%3D%27http%3A%2F%2Fwww.w3.org%2F2000%2Fsvg%27%20width%3D%271200%27%20height%3D%27800%27%20viewBox%3D%270%200%201200%20800%27%3E%3Crect%20width%3D%271200%27%20height%3D%27800%27%20fill-opacity%3D%220%22%2F%3E%3C%2Fsvg%3E\"><div class=\"fusion-clearfix\"><\/div><\/div><\/div><div class=\"fusion-layout-column fusion_builder_column fusion-builder-column-12 fusion_builder_column_1_2 1_2 fusion-one-half fusion-column-last\" style=\"--awb-padding-top:10%;--awb-padding-right:10%;--awb-padding-bottom:10%;--awb-padding-left:10%;--awb-bg-size:cover;--awb-margin-bottom:0px;\"><div class=\"fusion-column-wrapper fusion-flex-column-wrapper-legacy\"><div class=\"fusion-text fusion-text-8\"><h3 style=\"text-align: left;\">Die Burgen Loewenstein, Hohenbourg und Wegelnburg<\/h3>\n<\/div><div class=\"fusion-sep-clear\"><\/div><div class=\"fusion-separator fusion-clearfix\" style=\"float:left;margin-top:20px;margin-bottom:30px;width:100%;max-width:170px;\"><div class=\"fusion-separator-border sep-single sep-solid\" style=\"--awb-height:20px;--awb-amount:20px;border-color:#e0dede;border-top-width:1px;\"><\/div><\/div><div class=\"fusion-sep-clear\"><\/div><div class=\"fusion-text fusion-text-9\"><p>Diese Burgen \u00fcberragen das gr\u00f6\u00dfte europ\u00e4ische Waldgebiet.<\/p>\n<p>Der Charme ihrer Ruinen und\u00a0der Ausblick auf eine au\u00dfergew\u00f6hnliche Landschaft sind die Anstrengung des Besuchers\u00a0wert (45 Minuten zu Fu\u00df, H\u00f6henunterschied 200 m).<\/p>\n<\/div><div class=\"fusion-clearfix\"><\/div><\/div><\/div><\/div><\/div><div class=\"fusion-fullwidth fullwidth-box fusion-builder-row-6 hundred-percent-fullwidth non-hundred-percent-height-scrolling fusion-equal-height-columns\" style=\"--awb-background-position:left top;--awb-border-radius-top-left:0px;--awb-border-radius-top-right:0px;--awb-border-radius-bottom-right:0px;--awb-border-radius-bottom-left:0px;--awb-padding-top:0px;--awb-padding-right:0px;--awb-padding-bottom:0px;--awb-padding-left:0px;--awb-border-sizes-top:0px;--awb-border-sizes-bottom:0px;--awb-flex-wrap:wrap;\" id=\"castle-blocks\" ><div class=\"fusion-builder-row fusion-row\"><div class=\"fusion-layout-column fusion_builder_column fusion-builder-column-13 fusion_builder_column_1_3 1_3 fusion-one-third fusion-column-first\" style=\"--awb-bg-image:url(&#039;https:\/\/www.fleckenstein.fr\/wp-content\/uploads\/2016\/03\/randonnee-autour.jpg&#039;);--awb-bg-position:center center;--awb-bg-size:cover;--awb-margin-bottom:0px;\"><div class=\"fusion-column-wrapper fusion-flex-column-wrapper-legacy fusion-column-has-bg-image\" data-bg-url=\"https:\/\/www.fleckenstein.fr\/wp-content\/uploads\/2016\/03\/randonnee-autour.jpg\"><div class=\"fusion-text fusion-text-10\"><div class=\"block-teaser\">\n<h2>Wanderungen rund um die Burg<\/h2>\n<div class=\"block-teaser-more\"><div class=\"fusion-aligncenter\"><a class=\"fusion-button button-flat button-medium button-default fusion-button-default button-1 fusion-button-default-span \" target=\"_self\" href=\"\/de\/der-fleckenstein\/rund-um-fleckenstein\/wanderungen-rund-um-die-burg\/\"><span class=\"fusion-button-text awb-button__text awb-button__text--default\">Mehr infos<\/span><\/a><\/div><\/div>\n<\/div>\n<\/div><div class=\"fusion-clearfix\"><\/div><\/div><\/div><div class=\"fusion-layout-column fusion_builder_column fusion-builder-column-14 fusion_builder_column_1_3 1_3 fusion-one-third\" style=\"--awb-bg-image:url(&#039;https:\/\/www.fleckenstein.fr\/wp-content\/uploads\/2015\/09\/autour-en-alsace.jpg&#039;);--awb-bg-size:cover;--awb-margin-bottom:0px;\"><div class=\"fusion-column-wrapper fusion-flex-column-wrapper-legacy fusion-column-has-bg-image\" data-bg-url=\"https:\/\/www.fleckenstein.fr\/wp-content\/uploads\/2015\/09\/autour-en-alsace.jpg\"><div class=\"fusion-text fusion-text-11\"><div class=\"block-teaser\">\n<h2>Ausflugsziele im Elsass<\/h2>\n<div class=\"block-teaser-more\"><div class=\"fusion-aligncenter\"><a class=\"fusion-button button-flat button-medium button-default fusion-button-default button-2 fusion-button-default-span \" target=\"_self\" href=\"\/de\/der-fleckenstein\/rund-um-fleckenstein\/ausflugsziele-im-elsass\/\"><span class=\"fusion-button-text awb-button__text awb-button__text--default\">Mehr infos<\/span><\/a><\/div><\/div>\n<\/div>\n<\/div><div class=\"fusion-clearfix\"><\/div><\/div><\/div><div class=\"fusion-layout-column fusion_builder_column fusion-builder-column-15 fusion_builder_column_1_3 1_3 fusion-one-third fusion-column-last\" style=\"--awb-bg-image:url(&#039;https:\/\/www.fleckenstein.fr\/wp-content\/uploads\/2015\/09\/Fleckenstein.jpg&#039;);--awb-bg-size:cover;--awb-margin-bottom:0px;\"><div class=\"fusion-column-wrapper fusion-flex-column-wrapper-legacy fusion-column-has-bg-image\" data-bg-url=\"https:\/\/www.fleckenstein.fr\/wp-content\/uploads\/2015\/09\/Fleckenstein.jpg\"><div class=\"fusion-text fusion-text-12\"><div class=\"block-teaser\">\n<h2>Ausflugsziele in Deutschland<\/h2>\n<div class=\"block-teaser-more\"><div class=\"fusion-aligncenter\"><a class=\"fusion-button button-flat button-medium button-default fusion-button-default button-3 fusion-button-default-span \" target=\"_self\" href=\"\/de\/der-fleckenstein\/rund-um-fleckenstein\/ausflugsziele-in-deutschland\/\"><span class=\"fusion-button-text awb-button__text awb-button__text--default\">Mehr infos<\/span><\/a><\/div><\/div>\n<\/div>\n<\/div><div class=\"fusion-clearfix\"><\/div><\/div><\/div><\/div><\/div><\/p>\n","protected":false},"excerpt":{"rendered":"","protected":false},"author":1,"featured_media":0,"parent":2700,"menu_order":0,"comment_status":"closed","ping_status":"closed","template":"100-width.php","meta":{"footnotes":""},"class_list":["post-2518","page","type-page","status-publish","hentry"],"yoast_head":"<!-- This site is optimized with the Yoast SEO plugin v27.2 - https:\/\/yoast.com\/product\/yoast-seo-wordpress\/ -->\n<title>Spazierg\u00e4nge rund um die Burg Fleckenstein<\/title>\n<meta name=\"description\" content=\"Entdecken Sie die Wanderwege und Ausflugsziele rund um die im Elsass, nahe der deutschen Grenzegelegene Burg Fleckenstein, die zu Fu\u00df erreichbar sind. Vom K\u00f6hlerweg zum mittelalterlichen Spielplatz am Gimbelhof\u2026\" \/>\n<meta name=\"robots\" content=\"index, follow, max-snippet:-1, max-image-preview:large, max-video-preview:-1\" \/>\n<link rel=\"canonical\" href=\"https:\/\/www.fleckenstein.fr\/le-fleckenstein\/autour-du-chateau-autour-de-fleckenstein\/autour-de-fleckenstein\/\" \/>\n<meta property=\"og:locale\" content=\"de_DE\" \/>\n<meta property=\"og:type\" content=\"article\" \/>\n<meta property=\"og:title\" content=\"Spazierg\u00e4nge rund um die Burg Fleckenstein\" \/>\n<meta property=\"og:description\" content=\"Entdecken Sie die Wanderwege und Ausflugsziele rund um die im Elsass, nahe der deutschen Grenzegelegene Burg Fleckenstein, die zu Fu\u00df erreichbar sind. Vom K\u00f6hlerweg zum mittelalterlichen Spielplatz am Gimbelhof\u2026\" \/>\n<meta property=\"og:url\" content=\"https:\/\/www.fleckenstein.fr\/le-fleckenstein\/autour-du-chateau-autour-de-fleckenstein\/autour-de-fleckenstein\/\" \/>\n<meta property=\"og:site_name\" content=\"Ch\u00e2teau de Fleckenstein\" \/>\n<meta property=\"article:modified_time\" content=\"2017-01-06T16:00:18+00:00\" \/>\n<meta name=\"twitter:card\" content=\"summary_large_image\" \/>\n<meta name=\"twitter:label1\" content=\"Est. reading time\" \/>\n\t<meta name=\"twitter:data1\" content=\"10 minutes\" \/>\n<script type=\"application\/ld+json\" class=\"yoast-schema-graph\">{\"@context\":\"https:\/\/schema.org\",\"@graph\":[{\"@type\":\"WebPage\",\"@id\":\"https:\/\/www.fleckenstein.fr\/le-fleckenstein\/autour-du-chateau-autour-de-fleckenstein\/autour-de-fleckenstein\/\",\"url\":\"https:\/\/www.fleckenstein.fr\/le-fleckenstein\/autour-du-chateau-autour-de-fleckenstein\/autour-de-fleckenstein\/\",\"name\":\"Spazierg\u00e4nge rund um die Burg Fleckenstein\",\"isPartOf\":{\"@id\":\"https:\/\/www.fleckenstein.fr\/de\/#website\"},\"datePublished\":\"2016-03-14T11:41:39+00:00\",\"dateModified\":\"2017-01-06T16:00:18+00:00\",\"description\":\"Entdecken Sie die Wanderwege und Ausflugsziele rund um die im Elsass, nahe der deutschen Grenzegelegene Burg Fleckenstein, die zu Fu\u00df erreichbar sind. Vom K\u00f6hlerweg zum mittelalterlichen Spielplatz am Gimbelhof\u2026\",\"breadcrumb\":{\"@id\":\"https:\/\/www.fleckenstein.fr\/le-fleckenstein\/autour-du-chateau-autour-de-fleckenstein\/autour-de-fleckenstein\/#breadcrumb\"},\"inLanguage\":\"de-DE\",\"potentialAction\":[{\"@type\":\"ReadAction\",\"target\":[\"https:\/\/www.fleckenstein.fr\/le-fleckenstein\/autour-du-chateau-autour-de-fleckenstein\/autour-de-fleckenstein\/\"]}]},{\"@type\":\"BreadcrumbList\",\"@id\":\"https:\/\/www.fleckenstein.fr\/le-fleckenstein\/autour-du-chateau-autour-de-fleckenstein\/autour-de-fleckenstein\/#breadcrumb\",\"itemListElement\":[{\"@type\":\"ListItem\",\"position\":1,\"name\":\"Accueil\",\"item\":\"https:\/\/www.fleckenstein.fr\/de\/\"},{\"@type\":\"ListItem\",\"position\":2,\"name\":\"Der Fleckenstein\",\"item\":\"https:\/\/www.fleckenstein.fr\/de\/der-fleckenstein\/\"},{\"@type\":\"ListItem\",\"position\":3,\"name\":\"Autour de Fleckenstein \/ Rund um Fleckenstein\",\"item\":\"https:\/\/www.fleckenstein.fr\/de\/der-fleckenstein\/rund-um-fleckenstein\/\"},{\"@type\":\"ListItem\",\"position\":4,\"name\":\"Autour du ch\u00e2teau \/ In der n\u00e4heren Umgebung\"}]},{\"@type\":\"WebSite\",\"@id\":\"https:\/\/www.fleckenstein.fr\/de\/#website\",\"url\":\"https:\/\/www.fleckenstein.fr\/de\/\",\"name\":\"Ch\u00e2teau de Fleckenstein\",\"description\":\"Entdecken Sie die Burg Fleckenstein in Frankreich nahe der deutschen Grenze\",\"potentialAction\":[{\"@type\":\"SearchAction\",\"target\":{\"@type\":\"EntryPoint\",\"urlTemplate\":\"https:\/\/www.fleckenstein.fr\/de\/?s={search_term_string}\"},\"query-input\":{\"@type\":\"PropertyValueSpecification\",\"valueRequired\":true,\"valueName\":\"search_term_string\"}}],\"inLanguage\":\"de-DE\"}]}<\/script>\n<!-- \/ Yoast SEO plugin. -->","yoast_head_json":{"title":"Spazierg\u00e4nge rund um die Burg Fleckenstein","description":"Entdecken Sie die Wanderwege und Ausflugsziele rund um die im Elsass, nahe der deutschen Grenzegelegene Burg Fleckenstein, die zu Fu\u00df erreichbar sind. Vom K\u00f6hlerweg zum mittelalterlichen Spielplatz am Gimbelhof\u2026","robots":{"index":"index","follow":"follow","max-snippet":"max-snippet:-1","max-image-preview":"max-image-preview:large","max-video-preview":"max-video-preview:-1"},"canonical":"https:\/\/www.fleckenstein.fr\/le-fleckenstein\/autour-du-chateau-autour-de-fleckenstein\/autour-de-fleckenstein\/","og_locale":"de_DE","og_type":"article","og_title":"Spazierg\u00e4nge rund um die Burg Fleckenstein","og_description":"Entdecken Sie die Wanderwege und Ausflugsziele rund um die im Elsass, nahe der deutschen Grenzegelegene Burg Fleckenstein, die zu Fu\u00df erreichbar sind. Vom K\u00f6hlerweg zum mittelalterlichen Spielplatz am Gimbelhof\u2026","og_url":"https:\/\/www.fleckenstein.fr\/le-fleckenstein\/autour-du-chateau-autour-de-fleckenstein\/autour-de-fleckenstein\/","og_site_name":"Ch\u00e2teau de Fleckenstein","article_modified_time":"2017-01-06T16:00:18+00:00","twitter_card":"summary_large_image","twitter_misc":{"Est. reading time":"10 minutes"},"schema":{"@context":"https:\/\/schema.org","@graph":[{"@type":"WebPage","@id":"https:\/\/www.fleckenstein.fr\/le-fleckenstein\/autour-du-chateau-autour-de-fleckenstein\/autour-de-fleckenstein\/","url":"https:\/\/www.fleckenstein.fr\/le-fleckenstein\/autour-du-chateau-autour-de-fleckenstein\/autour-de-fleckenstein\/","name":"Spazierg\u00e4nge rund um die Burg Fleckenstein","isPartOf":{"@id":"https:\/\/www.fleckenstein.fr\/de\/#website"},"datePublished":"2016-03-14T11:41:39+00:00","dateModified":"2017-01-06T16:00:18+00:00","description":"Entdecken Sie die Wanderwege und Ausflugsziele rund um die im Elsass, nahe der deutschen Grenzegelegene Burg Fleckenstein, die zu Fu\u00df erreichbar sind. Vom K\u00f6hlerweg zum mittelalterlichen Spielplatz am Gimbelhof\u2026","breadcrumb":{"@id":"https:\/\/www.fleckenstein.fr\/le-fleckenstein\/autour-du-chateau-autour-de-fleckenstein\/autour-de-fleckenstein\/#breadcrumb"},"inLanguage":"de-DE","potentialAction":[{"@type":"ReadAction","target":["https:\/\/www.fleckenstein.fr\/le-fleckenstein\/autour-du-chateau-autour-de-fleckenstein\/autour-de-fleckenstein\/"]}]},{"@type":"BreadcrumbList","@id":"https:\/\/www.fleckenstein.fr\/le-fleckenstein\/autour-du-chateau-autour-de-fleckenstein\/autour-de-fleckenstein\/#breadcrumb","itemListElement":[{"@type":"ListItem","position":1,"name":"Accueil","item":"https:\/\/www.fleckenstein.fr\/de\/"},{"@type":"ListItem","position":2,"name":"Der Fleckenstein","item":"https:\/\/www.fleckenstein.fr\/de\/der-fleckenstein\/"},{"@type":"ListItem","position":3,"name":"Autour de Fleckenstein \/ Rund um Fleckenstein","item":"https:\/\/www.fleckenstein.fr\/de\/der-fleckenstein\/rund-um-fleckenstein\/"},{"@type":"ListItem","position":4,"name":"Autour du ch\u00e2teau \/ In der n\u00e4heren Umgebung"}]},{"@type":"WebSite","@id":"https:\/\/www.fleckenstein.fr\/de\/#website","url":"https:\/\/www.fleckenstein.fr\/de\/","name":"Ch\u00e2teau de Fleckenstein","description":"Entdecken Sie die Burg Fleckenstein in Frankreich nahe der deutschen Grenze","potentialAction":[{"@type":"SearchAction","target":{"@type":"EntryPoint","urlTemplate":"https:\/\/www.fleckenstein.fr\/de\/?s={search_term_string}"},"query-input":{"@type":"PropertyValueSpecification","valueRequired":true,"valueName":"search_term_string"}}],"inLanguage":"de-DE"}]}},"_links":{"self":[{"href":"https:\/\/www.fleckenstein.fr\/de\/wp-json\/wp\/v2\/pages\/2518","targetHints":{"allow":["GET"]}}],"collection":[{"href":"https:\/\/www.fleckenstein.fr\/de\/wp-json\/wp\/v2\/pages"}],"about":[{"href":"https:\/\/www.fleckenstein.fr\/de\/wp-json\/wp\/v2\/types\/page"}],"author":[{"embeddable":true,"href":"https:\/\/www.fleckenstein.fr\/de\/wp-json\/wp\/v2\/users\/1"}],"replies":[{"embeddable":true,"href":"https:\/\/www.fleckenstein.fr\/de\/wp-json\/wp\/v2\/comments?post=2518"}],"version-history":[{"count":3,"href":"https:\/\/www.fleckenstein.fr\/de\/wp-json\/wp\/v2\/pages\/2518\/revisions"}],"predecessor-version":[{"id":3600,"href":"https:\/\/www.fleckenstein.fr\/de\/wp-json\/wp\/v2\/pages\/2518\/revisions\/3600"}],"up":[{"embeddable":true,"href":"https:\/\/www.fleckenstein.fr\/de\/wp-json\/wp\/v2\/pages\/2700"}],"wp:attachment":[{"href":"https:\/\/www.fleckenstein.fr\/de\/wp-json\/wp\/v2\/media?parent=2518"}],"curies":[{"name":"wp","href":"https:\/\/api.w.org\/{rel}","templated":true}]}}