{"id":2523,"date":"2016-03-14T14:45:10","date_gmt":"2016-03-14T13:45:10","guid":{"rendered":"https:\/\/www.fleckenstein.fr\/?page_id=2523&#038;lang=de"},"modified":"2017-01-06T17:00:18","modified_gmt":"2017-01-06T16:00:18","slug":"ausflugsziele-im-elsass","status":"publish","type":"page","link":"https:\/\/www.fleckenstein.fr\/de\/der-fleckenstein\/rund-um-fleckenstein\/ausflugsziele-im-elsass\/","title":{"rendered":"Ausflugsziele im Elsass \/ Autour en Alsace"},"content":{"rendered":"<p><div class=\"fusion-fullwidth fullwidth-box fusion-builder-row-1 fusion-parallax-none nonhundred-percent-fullwidth non-hundred-percent-height-scrolling\" style=\"--awb-border-radius-top-left:0px;--awb-border-radius-top-right:0px;--awb-border-radius-bottom-right:0px;--awb-border-radius-bottom-left:0px;--awb-padding-top:20px;--awb-padding-right:0px;--awb-padding-bottom:20px;--awb-padding-left:0px;--awb-background-image:url(&quot;https:\/\/www.fleckenstein.fr\/wp-content\/uploads\/2015\/09\/Fleckenstein-autour.jpg&quot;);--awb-background-size:cover;--awb-border-sizes-top:0px;--awb-border-sizes-bottom:0px;--awb-flex-wrap:wrap;\" ><div class=\"fusion-builder-row fusion-row\"><div class=\"fusion-layout-column fusion_builder_column fusion-builder-column-0 fusion_builder_column_1_1 1_1 fusion-one-full fusion-column-first fusion-column-last fusion-column-no-min-height\" style=\"--awb-bg-size:cover;--awb-margin-bottom:0px;\"><div class=\"fusion-column-wrapper fusion-flex-column-wrapper-legacy\"><div class=\"fusion-sep-clear\"><\/div><div class=\"fusion-separator fusion-full-width-sep\" style=\"margin-left: auto;margin-right: auto;margin-top:260px;width:100%;\"><\/div><div class=\"fusion-sep-clear\"><\/div><div class=\"fusion-clearfix\"><\/div><\/div><\/div><div class=\"fusion-layout-column fusion_builder_column fusion-builder-column-1 fusion_builder_column_1_6 1_6 fusion-one-sixth fusion-column-first\" style=\"--awb-bg-size:cover;width:13.3333%; margin-right: 4%;\"><div class=\"fusion-column-wrapper fusion-flex-column-wrapper-legacy\"><div class=\"fusion-clearfix\"><\/div><\/div><\/div><div class=\"fusion-layout-column fusion_builder_column fusion-builder-column-2 fusion_builder_column_2_3 2_3 fusion-two-third\" style=\"--awb-padding-top:1px;--awb-padding-right:20px;--awb-padding-bottom:30px;--awb-padding-left:20px;--awb-bg-image:url(&#039;https:\/\/www.fleckenstein.fr\/wp-content\/uploads\/2015\/09\/noir-trame.png&#039;);--awb-bg-repeat:repeat;\"><div class=\"fusion-column-wrapper fusion-flex-column-wrapper-legacy fusion-column-has-bg-image\" data-bg-url=\"https:\/\/www.fleckenstein.fr\/wp-content\/uploads\/2015\/09\/noir-trame.png\"><div class=\"fusion-column-content-centered\"><div class=\"fusion-column-content\"><div class=\"fusion-text fusion-text-1\"><h1 style=\"text-align: center;\"><span style=\"color: #ffffff;\">Ausflugsziele im Elsass, in Lothringen und im grenznahen Deutschland<\/span><\/h1>\n<\/div><\/div><\/div><div class=\"fusion-clearfix\"><\/div><\/div><\/div><div class=\"fusion-layout-column fusion_builder_column fusion-builder-column-3 fusion_builder_column_1_6 1_6 fusion-one-sixth fusion-column-last\" style=\"--awb-bg-size:cover;width:13.3333%;\"><div class=\"fusion-column-wrapper fusion-flex-column-wrapper-legacy\"><div class=\"fusion-clearfix\"><\/div><\/div><\/div><div class=\"fusion-layout-column fusion_builder_column fusion-builder-column-4 fusion_builder_column_1_1 1_1 fusion-one-full fusion-column-first fusion-column-last fusion-column-no-min-height\" style=\"--awb-bg-size:cover;--awb-margin-bottom:0px;\"><div class=\"fusion-column-wrapper fusion-flex-column-wrapper-legacy\"><div class=\"fusion-sep-clear\"><\/div><div class=\"fusion-separator fusion-full-width-sep\" style=\"margin-left: auto;margin-right: auto;margin-top:20px;width:100%;\"><\/div><div class=\"fusion-sep-clear\"><\/div><div class=\"fusion-clearfix\"><\/div><\/div><\/div><\/div><\/div><div class=\"fusion-fullwidth fullwidth-box fusion-builder-row-2 fusion-parallax-none nonhundred-percent-fullwidth non-hundred-percent-height-scrolling\" style=\"--awb-background-position:center top;--awb-border-radius-top-left:0px;--awb-border-radius-top-right:0px;--awb-border-radius-bottom-right:0px;--awb-border-radius-bottom-left:0px;--awb-padding-top:20px;--awb-padding-right:0px;--awb-padding-bottom:20px;--awb-padding-left:0px;--awb-background-image:url(&quot;https:\/\/www.fleckenstein.fr\/wp-content\/uploads\/2015\/09\/fond.jpg&quot;);--awb-background-size:cover;--awb-border-sizes-top:0px;--awb-border-sizes-bottom:0px;--awb-flex-wrap:wrap;\" ><div class=\"fusion-builder-row fusion-row\"><div class=\"fusion-layout-column fusion_builder_column fusion-builder-column-5 fusion_builder_column_1_1 1_1 fusion-one-full fusion-column-first fusion-column-last fusion-column-no-min-height\" style=\"--awb-bg-size:cover;--awb-margin-bottom:0px;\"><div class=\"fusion-column-wrapper fusion-flex-column-wrapper-legacy\"><div class=\"fusion-sep-clear\"><\/div><div class=\"fusion-separator fusion-full-width-sep\" style=\"margin-left: auto;margin-right: auto;margin-top:80px;width:100%;\"><\/div><div class=\"fusion-sep-clear\"><\/div><div class=\"fusion-clearfix\"><\/div><\/div><\/div><div class=\"fusion-layout-column fusion_builder_column fusion-builder-column-6 fusion_builder_column_1_2 1_2 fusion-one-half fusion-column-first\" style=\"--awb-bg-size:cover;width:48%; margin-right: 4%;\"><div class=\"fusion-column-wrapper fusion-flex-column-wrapper-legacy\"><div class=\"fusion-text fusion-text-2\"><h2><span style=\"color: #7d4f45;\">Ein bemerkenswertes Kultur- und Naturerbe<\/span><\/h2>\n<p>Bis an die Grenzen des Elsass\u2018, Lothringens und ins grenznahe Deutschland birgt die\u00a0Gegend rund um den Fleckenstein viele Sch\u00e4tze\u2026<\/p>\n<p>Tauchen Sie in diese ganz andere Welt mittelalterlicher St\u00e4dte, Museen, Zitadellen und\u00a0Natur ein und genie\u00dfen Sie die Zeit mit Ihrer Familie!<\/p>\n<p>Die Burg Fleckenstein liegt in der N\u00e4he vieler Ausflugsziele: die ideale Gelegenheit, bei\u00a0Ihrem Besuch hier im Herzen der Nordvogesen diese verschiedenen Ausflugsziele zu\u00a0entdecken und einen Sprung \u00fcber die Grenze zu wagen.<\/p>\n<\/div><div class=\"fusion-clearfix\"><\/div><\/div><\/div><div class=\"fusion-layout-column fusion_builder_column fusion-builder-column-7 fusion_builder_column_1_1 1_1 fusion-one-full fusion-column-last fusion-column-no-min-height\" style=\"--awb-bg-size:cover;--awb-margin-bottom:0px;\"><div class=\"fusion-column-wrapper fusion-flex-column-wrapper-legacy\"><div class=\"fusion-sep-clear\"><\/div><div class=\"fusion-separator fusion-full-width-sep\" style=\"margin-left: auto;margin-right: auto;margin-top:80px;width:100%;\"><\/div><div class=\"fusion-sep-clear\"><\/div><div class=\"fusion-clearfix\"><\/div><\/div><\/div><\/div><\/div><div class=\"fusion-fullwidth fullwidth-box fusion-builder-row-3 fusion-parallax-fixed nonhundred-percent-fullwidth non-hundred-percent-height-scrolling\" style=\"--awb-border-radius-top-left:0px;--awb-border-radius-top-right:0px;--awb-border-radius-bottom-right:0px;--awb-border-radius-bottom-left:0px;--awb-padding-top:250px;--awb-padding-right:0px;--awb-padding-bottom:150px;--awb-padding-left:0px;--awb-background-image:url(&quot;https:\/\/www.fleckenstein.fr\/wp-content\/uploads\/2015\/09\/autour-en-alsace.jpg&quot;);--awb-background-size:cover;--awb-border-sizes-top:0px;--awb-border-sizes-bottom:0px;--awb-flex-wrap:wrap;background-attachment:fixed;\" ><div class=\"fusion-builder-row fusion-row\"><\/div><\/div><div class=\"fusion-fullwidth fullwidth-box fusion-builder-row-4 hundred-percent-fullwidth non-hundred-percent-height-scrolling\" style=\"--awb-background-position:left top;--awb-border-radius-top-left:0px;--awb-border-radius-top-right:0px;--awb-border-radius-bottom-right:0px;--awb-border-radius-bottom-left:0px;--awb-padding-top:20px;--awb-padding-right:20px;--awb-padding-bottom:20px;--awb-padding-left:20px;--awb-background-color:#f2f0ea;--awb-border-sizes-top:0px;--awb-border-sizes-bottom:0px;--awb-flex-wrap:wrap;\" ><div class=\"fusion-builder-row fusion-row\"><div class=\"fusion-layout-column fusion_builder_column fusion-builder-column-8 fusion_builder_column_1_1 1_1 fusion-one-full fusion-column-first fusion-column-last fusion-column-no-min-height\" style=\"--awb-bg-size:cover;--awb-margin-bottom:0px;\"><div class=\"fusion-column-wrapper fusion-flex-column-wrapper-legacy\"><div class=\"fusion-sep-clear\"><\/div><div class=\"fusion-separator fusion-full-width-sep\" style=\"margin-left: auto;margin-right: auto;margin-top:35px;width:100%;\"><\/div><div class=\"fusion-sep-clear\"><\/div><div class=\"fusion-text fusion-text-3\"><h2 style=\"text-align: center;\"><span style=\"color: #7d4f45;\">Sites touristiques proposant un billet commun avec le Fleckenstein<\/span><\/h2>\n<\/div><div class=\"fusion-sep-clear\"><\/div><div class=\"fusion-separator fusion-full-width-sep\" style=\"margin-left: auto;margin-right: auto;margin-top:35px;width:100%;\"><\/div><div class=\"fusion-sep-clear\"><\/div><div class=\"fusion-clearfix\"><\/div><\/div><\/div><div class=\"fusion-layout-column fusion_builder_column fusion-builder-column-9 fusion_builder_column_1_1 1_1 fusion-one-full fusion-column-first fusion-column-last fusion-column-no-min-height\" style=\"--awb-bg-size:cover;--awb-margin-bottom:0px;\"><div class=\"fusion-column-wrapper fusion-flex-column-wrapper-legacy\"><div class=\"fusion-counters-box counters-box row fusion-clearfix fusion-columns-2\" style=\"--awb-body-color:#898988;--awb-color:#9ba400;\"><div class=\"fusion-counter-box fusion-column col-counter-box counter-box-wrapper col-lg-6 col-md-6 col-sm-6\" data-animationOffset=\"top-into-view\"><div class=\"counter-box-container\"><div class=\"content-box-percentage content-box-counter\"><span class=\"display-counter\" data-value=\"9\" data-direction=\"up\" data-decimals=\"0\">0<\/span><span class=\"unit\">Km<\/span><\/div><div class=\"counter-box-content\">Maginot-Linie, \u201eFour \u00e0 Chaux\u201c in Lembach Tel.: +33 (0)3 88 94 43 16 oder +33 (0)3 88 94 48 62<\/div><\/div><\/div><div class=\"fusion-counter-box fusion-column col-counter-box counter-box-wrapper col-lg-6 col-md-6 col-sm-6\" data-animationOffset=\"top-into-view\"><div class=\"counter-box-container\"><div class=\"content-box-percentage content-box-counter\"><span class=\"display-counter\" data-value=\"32\" data-direction=\"up\" data-decimals=\"0\">0<\/span><span class=\"unit\">Km<\/span><\/div><div class=\"counter-box-content\">Citadelle de Bitche en Lorraine T\u00e9l. 03 87 96 18 82<\/div><\/div><\/div><\/div><div class=\"clearfix\"><\/div><div class=\"fusion-clearfix\"><\/div><\/div><\/div><div class=\"fusion-layout-column fusion_builder_column fusion-builder-column-10 fusion_builder_column_1_2 1_2 fusion-one-half fusion-column-first\" style=\"--awb-bg-size:cover;width:48%; margin-right: 4%;\"><div class=\"fusion-column-wrapper fusion-flex-column-wrapper-legacy\"><div class=\"fusion-aligncenter\"><a class=\"fusion-button button-flat fusion-button-default-size button-default fusion-button-default button-1 fusion-button-default-span fusion-button-default-type\" target=\"_blank\" rel=\"noopener noreferrer\" href=\"http:\/\/www.lignemaginot.fr\"><span class=\"fusion-button-text awb-button__text awb-button__text--default\">Mehr Infos<\/span><\/a><\/div><div class=\"fusion-clearfix\"><\/div><\/div><\/div><div class=\"fusion-layout-column fusion_builder_column fusion-builder-column-11 fusion_builder_column_1_2 1_2 fusion-one-half fusion-column-last\" style=\"--awb-bg-size:cover;width:48%;\"><div class=\"fusion-column-wrapper fusion-flex-column-wrapper-legacy\"><div class=\"fusion-aligncenter\"><a class=\"fusion-button button-flat fusion-button-default-size button-default fusion-button-default button-2 fusion-button-default-span fusion-button-default-type\" target=\"_blank\" rel=\"noopener noreferrer\" href=\"http:\/\/www.citadelle-bitche.com\"><span class=\"fusion-button-text awb-button__text awb-button__text--default\">Mehr Infos<\/span><\/a><\/div><div class=\"fusion-clearfix\"><\/div><\/div><\/div><\/div><\/div><div class=\"fusion-fullwidth fullwidth-box fusion-builder-row-5 hundred-percent-fullwidth non-hundred-percent-height-scrolling\" style=\"--awb-background-position:left top;--awb-border-radius-top-left:0px;--awb-border-radius-top-right:0px;--awb-border-radius-bottom-right:0px;--awb-border-radius-bottom-left:0px;--awb-padding-top:20px;--awb-padding-right:20px;--awb-padding-bottom:20px;--awb-padding-left:20px;--awb-border-sizes-top:0px;--awb-border-sizes-bottom:0px;--awb-flex-wrap:wrap;\" ><div class=\"fusion-builder-row fusion-row\"><div class=\"fusion-layout-column fusion_builder_column fusion-builder-column-12 fusion_builder_column_1_1 1_1 fusion-one-full fusion-column-first fusion-column-last fusion-column-no-min-height\" style=\"--awb-bg-size:cover;--awb-margin-bottom:0px;\"><div class=\"fusion-column-wrapper fusion-flex-column-wrapper-legacy\"><div class=\"fusion-sep-clear\"><\/div><div class=\"fusion-separator fusion-full-width-sep\" style=\"margin-left: auto;margin-right: auto;margin-top:35px;width:100%;\"><\/div><div class=\"fusion-sep-clear\"><\/div><div class=\"fusion-text fusion-text-4\"><h2 style=\"text-align: center;\"><span style=\"color: #7d4f45;\">Ausflugsziele in der N\u00e4he<\/span><\/h2>\n<\/div><div class=\"fusion-sep-clear\"><\/div><div class=\"fusion-separator fusion-full-width-sep\" style=\"margin-left: auto;margin-right: auto;margin-top:35px;width:100%;\"><\/div><div class=\"fusion-sep-clear\"><\/div><div class=\"fusion-clearfix\"><\/div><\/div><\/div><div class=\"fusion-layout-column fusion_builder_column fusion-builder-column-13 fusion_builder_column_1_1 1_1 fusion-one-full fusion-column-first fusion-column-last fusion-column-no-min-height\" style=\"--awb-bg-size:cover;--awb-margin-bottom:0px;\"><div class=\"fusion-column-wrapper fusion-flex-column-wrapper-legacy\"><div class=\"fusion-counters-box counters-box row fusion-clearfix fusion-columns-3\" style=\"--awb-body-color:#898988;--awb-color:#9ba400;\"><div class=\"fusion-counter-box fusion-column col-counter-box counter-box-wrapper col-lg-4 col-md-4 col-sm-4\" data-animationOffset=\"top-into-view\"><div class=\"counter-box-container\"><div class=\"content-box-percentage content-box-counter\"><span class=\"display-counter\" data-value=\"3\" data-direction=\"up\" data-decimals=\"0\">0<\/span><span class=\"unit\">Km<\/span><\/div><div class=\"counter-box-content\">Badesee Fleckenstein Tel.: +33 (0)3 88 94 43 16<\/div><\/div><\/div><div class=\"fusion-counter-box fusion-column col-counter-box counter-box-wrapper col-lg-4 col-md-4 col-sm-4\" data-animationOffset=\"top-into-view\"><div class=\"counter-box-container\"><div class=\"content-box-percentage content-box-counter\"><span class=\"display-counter\" data-value=\"11\" data-direction=\"up\" data-decimals=\"0\">0<\/span><span class=\"unit\">Km<\/span><\/div><div class=\"counter-box-content\">Haus der Burgen in Obersteinbach Tel.: +33 (0)3 88 94 43 16<\/div><\/div><\/div><div class=\"fusion-counter-box fusion-column col-counter-box counter-box-wrapper col-lg-4 col-md-4 col-sm-4\" data-animationOffset=\"top-into-view\"><div class=\"counter-box-container\"><div class=\"content-box-percentage content-box-counter\"><span class=\"display-counter\" data-value=\"22\" data-direction=\"up\" data-decimals=\"0\">0<\/span><span class=\"unit\">Km<\/span><\/div><div class=\"counter-box-content\">Freizeitpark Didi\u2019land in Morsbronn-les-Bains Tel.: +33 (0)3 88 63 99 99<\/div><\/div><\/div><\/div><div class=\"clearfix\"><\/div><div class=\"fusion-clearfix\"><\/div><\/div><\/div><div class=\"fusion-layout-column fusion_builder_column fusion-builder-column-14 fusion_builder_column_1_3 1_3 fusion-one-third fusion-column-first\" style=\"--awb-bg-size:cover;width:30.6666%; margin-right: 4%;\"><div class=\"fusion-column-wrapper fusion-flex-column-wrapper-legacy\"><div class=\"fusion-aligncenter\"><a class=\"fusion-button button-flat fusion-button-default-size button-default fusion-button-default button-3 fusion-button-default-span fusion-button-default-type\" target=\"_blank\" rel=\"noopener noreferrer\" href=\"http:\/\/www.ot-lembach.com\/site_etang\/frameset_accueil.htm\"><span class=\"fusion-button-text awb-button__text awb-button__text--default\">Mehr Infos<\/span><\/a><\/div><div class=\"fusion-clearfix\"><\/div><\/div><\/div><div class=\"fusion-layout-column fusion_builder_column fusion-builder-column-15 fusion_builder_column_1_3 1_3 fusion-one-third\" style=\"--awb-bg-size:cover;width:30.6666%; margin-right: 4%;\"><div class=\"fusion-column-wrapper fusion-flex-column-wrapper-legacy\"><div class=\"fusion-aligncenter\"><a class=\"fusion-button button-flat fusion-button-default-size button-default fusion-button-default button-4 fusion-button-default-span fusion-button-default-type\" target=\"_blank\" rel=\"noopener noreferrer\" href=\"http:\/\/http:\/\/www.musees-alsace.org\/Pages\/Fiche.php?NumMusee=269000089&amp;Langue=Fr\"><span class=\"fusion-button-text awb-button__text awb-button__text--default\">Mehr Infos<\/span><\/a><\/div><div class=\"fusion-clearfix\"><\/div><\/div><\/div><div class=\"fusion-layout-column fusion_builder_column fusion-builder-column-16 fusion_builder_column_1_3 1_3 fusion-one-third fusion-column-last\" style=\"--awb-bg-size:cover;width:30.6666%;\"><div class=\"fusion-column-wrapper fusion-flex-column-wrapper-legacy\"><div class=\"fusion-aligncenter\"><a class=\"fusion-button button-flat fusion-button-default-size button-default fusion-button-default button-5 fusion-button-default-span fusion-button-default-type\" target=\"_blank\" rel=\"noopener noreferrer\" href=\"http:\/\/www.didiland.fr\"><span class=\"fusion-button-text awb-button__text awb-button__text--default\">Mehr Infos<\/span><\/a><\/div><div class=\"fusion-clearfix\"><\/div><\/div><\/div><div class=\"fusion-layout-column fusion_builder_column fusion-builder-column-17 fusion_builder_column_1_1 1_1 fusion-one-full fusion-column-first fusion-column-last fusion-column-no-min-height\" style=\"--awb-bg-size:cover;--awb-margin-bottom:0px;\"><div class=\"fusion-column-wrapper fusion-flex-column-wrapper-legacy\"><div class=\"fusion-sep-clear\"><\/div><div class=\"fusion-separator fusion-full-width-sep\" style=\"margin-left: auto;margin-right: auto;margin-top:50px;width:100%;\"><\/div><div class=\"fusion-sep-clear\"><\/div><div class=\"fusion-clearfix\"><\/div><\/div><\/div><div class=\"fusion-layout-column fusion_builder_column fusion-builder-column-18 fusion_builder_column_1_1 1_1 fusion-one-full fusion-column-first fusion-column-last fusion-column-no-min-height\" style=\"--awb-bg-size:cover;--awb-margin-bottom:0px;\"><div class=\"fusion-column-wrapper fusion-flex-column-wrapper-legacy\"><div class=\"fusion-counters-box counters-box row fusion-clearfix fusion-columns-3\" style=\"--awb-body-color:#898988;--awb-color:#9ba400;\"><div class=\"fusion-counter-box fusion-column col-counter-box counter-box-wrapper col-lg-4 col-md-4 col-sm-4\" data-animationOffset=\"top-into-view\"><div class=\"counter-box-container\"><div class=\"content-box-percentage content-box-counter\"><span class=\"display-counter\" data-value=\"23\" data-direction=\"up\" data-decimals=\"0\">0<\/span><span class=\"unit\">Km<\/span><\/div><div class=\"counter-box-content\">Erd\u00f6lmuseum in Merkwiller-Pechelbronn Tel.: +33 (0)3 88 80 91 08<\/div><\/div><\/div><div class=\"fusion-counter-box fusion-column col-counter-box counter-box-wrapper col-lg-4 col-md-4 col-sm-4\" data-animationOffset=\"top-into-view\"><div class=\"counter-box-container\"><div class=\"content-box-percentage content-box-counter\"><span class=\"display-counter\" data-value=\"26\" data-direction=\"up\" data-decimals=\"0\">0<\/span><span class=\"unit\">Km<\/span><\/div><div class=\"counter-box-content\">Bauernmuseum in Kutzenhausen Tel.: +33 (0)3 88 80 53 00<\/div><\/div><\/div><div class=\"fusion-counter-box fusion-column col-counter-box counter-box-wrapper col-lg-4 col-md-4 col-sm-4\" data-animationOffset=\"top-into-view\"><div class=\"counter-box-container\"><div class=\"content-box-percentage content-box-counter\"><span class=\"display-counter\" data-value=\"30\" data-direction=\"up\" data-decimals=\"0\">0<\/span><span class=\"unit\">Km<\/span><\/div><div class=\"counter-box-content\">Freizeitbad Nautiland in Haguenau Tel.: +33 (0)3 88 90 56 56<\/div><\/div><\/div><\/div><div class=\"clearfix\"><\/div><div class=\"fusion-clearfix\"><\/div><\/div><\/div><div class=\"fusion-layout-column fusion_builder_column fusion-builder-column-19 fusion_builder_column_1_3 1_3 fusion-one-third fusion-column-first\" style=\"--awb-bg-size:cover;width:30.6666%; margin-right: 4%;\"><div class=\"fusion-column-wrapper fusion-flex-column-wrapper-legacy\"><div class=\"fusion-aligncenter\"><a class=\"fusion-button button-flat fusion-button-default-size button-default fusion-button-default button-6 fusion-button-default-span fusion-button-default-type\" target=\"_blank\" rel=\"noopener noreferrer\" href=\"http:\/\/www.musee-du-petrole.com\"><span class=\"fusion-button-text awb-button__text awb-button__text--default\">Mehr Infos<\/span><\/a><\/div><div class=\"fusion-clearfix\"><\/div><\/div><\/div><div class=\"fusion-layout-column fusion_builder_column fusion-builder-column-20 fusion_builder_column_1_3 1_3 fusion-one-third\" style=\"--awb-bg-size:cover;width:30.6666%; margin-right: 4%;\"><div class=\"fusion-column-wrapper fusion-flex-column-wrapper-legacy\"><div class=\"fusion-aligncenter\"><a class=\"fusion-button button-flat fusion-button-default-size button-default fusion-button-default button-7 fusion-button-default-span fusion-button-default-type\" target=\"_blank\" rel=\"noopener noreferrer\" href=\"http:\/\/www.maison-rurale.fr\"><span class=\"fusion-button-text awb-button__text awb-button__text--default\">Mehr Infos<\/span><\/a><\/div><div class=\"fusion-clearfix\"><\/div><\/div><\/div><div class=\"fusion-layout-column fusion_builder_column fusion-builder-column-21 fusion_builder_column_1_3 1_3 fusion-one-third fusion-column-last\" style=\"--awb-bg-size:cover;width:30.6666%;\"><div class=\"fusion-column-wrapper fusion-flex-column-wrapper-legacy\"><div class=\"fusion-aligncenter\"><a class=\"fusion-button button-flat fusion-button-default-size button-default fusion-button-default button-8 fusion-button-default-span fusion-button-default-type\" target=\"_blank\" rel=\"noopener noreferrer\" href=\"http:\/\/www.nautiland.net\"><span class=\"fusion-button-text awb-button__text awb-button__text--default\">Mehr Infos<\/span><\/a><\/div><div class=\"fusion-clearfix\"><\/div><\/div><\/div><\/div><\/div><div class=\"fusion-fullwidth fullwidth-box fusion-builder-row-6 hundred-percent-fullwidth non-hundred-percent-height-scrolling fusion-equal-height-columns\" style=\"--awb-background-position:left top;--awb-border-radius-top-left:0px;--awb-border-radius-top-right:0px;--awb-border-radius-bottom-right:0px;--awb-border-radius-bottom-left:0px;--awb-padding-top:0px;--awb-padding-right:0px;--awb-padding-bottom:0px;--awb-padding-left:0px;--awb-background-color:#f2f0ea;--awb-border-sizes-top:0px;--awb-border-sizes-bottom:0px;--awb-flex-wrap:wrap;\" ><div class=\"fusion-builder-row fusion-row\"><div class=\"fusion-layout-column fusion_builder_column fusion-builder-column-22 fusion_builder_column_1_1 1_1 fusion-one-full fusion-column-first fusion-column-last fusion-column-no-min-height\" style=\"--awb-bg-size:cover;--awb-margin-bottom:0px;\"><div class=\"fusion-column-wrapper fusion-flex-column-wrapper-legacy\"><div class=\"fusion-text fusion-text-5\"><h1 style=\"text-align: center;\">Ausflugsziele in Deutschland<\/h1>\n<\/div><div class=\"fusion-sep-clear\"><\/div><div class=\"fusion-separator\" style=\"margin-left: auto;margin-right: auto;margin-top:20px;margin-bottom:20px;width:100%;max-width:50px;\"><\/div><div class=\"fusion-sep-clear\"><\/div><div class=\"fusion-text fusion-text-6\"><h3 style=\"text-align: center;\">Site touristique proposant un billet commun avec le Fleckenstein Ch\u00e2teau des D\u00e9fis<\/h3>\n<\/div><div class=\"fusion-sep-clear\"><\/div><div class=\"fusion-separator\" style=\"margin-left: auto;margin-right: auto;margin-top:20px;margin-bottom:20px;width:100%;max-width:50px;\"><div class=\"fusion-separator-border sep-single sep-solid\" style=\"--awb-height:20px;--awb-amount:20px;border-color:#e0dede;border-top-width:1px;\"><\/div><\/div><div class=\"fusion-sep-clear\"><\/div><div class=\"fusion-text fusion-text-7\"><p style=\"text-align: center;\"><strong>11 km\u00a0<\/strong>Biosph\u00e4renhaus und Baumwipfelpfad in Fischbach bei Dahn\u00a0Tel.: +49 (0)6394 5354<\/p>\n<p style=\"text-align: center;\"><div class=\"fusion-aligncenter\"><a class=\"fusion-button button-flat fusion-button-default-size button-default fusion-button-default button-9 fusion-button-default-span fusion-button-default-type\" target=\"_blank\" rel=\"noopener noreferrer\" href=\"http:\/\/www.biosphaerenhaus.de\/fr\"><span class=\"fusion-button-text awb-button__text awb-button__text--default\">Mehr Infos<\/span><\/a><\/div><\/p>\n<\/div><div class=\"fusion-sep-clear\"><\/div><div class=\"fusion-separator\" style=\"margin-left: auto;margin-right: auto;margin-top:20px;margin-bottom:20px;width:100%;max-width:50px;\"><\/div><div class=\"fusion-sep-clear\"><\/div><div class=\"fusion-clearfix\"><\/div><\/div><\/div><\/div><\/div><div class=\"fusion-fullwidth fullwidth-box fusion-builder-row-7 hundred-percent-fullwidth non-hundred-percent-height-scrolling fusion-equal-height-columns\" style=\"--awb-background-position:left top;--awb-border-radius-top-left:0px;--awb-border-radius-top-right:0px;--awb-border-radius-bottom-right:0px;--awb-border-radius-bottom-left:0px;--awb-padding-top:0px;--awb-padding-right:0px;--awb-padding-bottom:0px;--awb-padding-left:0px;--awb-background-color:#ffffff;--awb-border-sizes-top:0px;--awb-border-sizes-bottom:0px;--awb-flex-wrap:wrap;\" ><div class=\"fusion-builder-row fusion-row\"><div class=\"fusion-layout-column fusion_builder_column fusion-builder-column-23 fusion_builder_column_1_1 1_1 fusion-one-full fusion-column-first fusion-column-last fusion-column-no-min-height\" style=\"--awb-bg-size:cover;--awb-margin-bottom:0px;\"><div class=\"fusion-column-wrapper fusion-flex-column-wrapper-legacy\"><div class=\"fusion-sep-clear\"><\/div><div class=\"fusion-separator\" style=\"margin-left: auto;margin-right: auto;margin-top:20px;margin-bottom:20px;width:100%;max-width:50px;\"><\/div><div class=\"fusion-sep-clear\"><\/div><div class=\"fusion-text fusion-text-8\"><h3 style=\"text-align: center;\">Autres sites \u00e0 proximit\u00e9<\/h3>\n<\/div><div class=\"fusion-sep-clear\"><\/div><div class=\"fusion-separator\" style=\"margin-left: auto;margin-right: auto;margin-top:20px;margin-bottom:20px;width:100%;max-width:50px;\"><div class=\"fusion-separator-border sep-single sep-solid\" style=\"--awb-height:20px;--awb-amount:20px;border-color:#e0dede;border-top-width:1px;\"><\/div><\/div><div class=\"fusion-sep-clear\"><\/div><div class=\"fusion-clearfix\"><\/div><\/div><\/div><div class=\"fusion-layout-column fusion_builder_column fusion-builder-column-24 fusion_builder_column_1_5 1_5 fusion-one-fifth fusion-column-first\" style=\"--awb-padding-top:10%;--awb-padding-right:10%;--awb-padding-bottom:10%;--awb-padding-left:10%;--awb-bg-size:cover;--awb-margin-bottom:0px;\"><div class=\"fusion-column-wrapper fusion-flex-column-wrapper-legacy\"><div class=\"fusion-column-content-centered\"><div class=\"fusion-column-content\"><div class=\"fusion-text fusion-text-9\"><p style=\"text-align: center;\"><strong>15 km mit dem Auto und 5 km zu Fu\u00df<\/strong>\u00a0Besucherbergwerg in Nothweiler\u00a0Tel.: + 49 (0)6394 5354<\/p>\n<p style=\"text-align: center;\"><div class=\"fusion-aligncenter\"><a class=\"fusion-button button-flat fusion-button-default-size button-default fusion-button-default button-10 fusion-button-default-span fusion-button-default-type\" target=\"_blank\" rel=\"noopener noreferrer\" href=\"http:\/\/www.nothweiler.de\/erzgrube.html\"><span class=\"fusion-button-text awb-button__text awb-button__text--default\">Mehr Infos<\/span><\/a><\/div><\/p>\n<\/div><\/div><\/div><div class=\"fusion-clearfix\"><\/div><\/div><\/div><div class=\"fusion-layout-column fusion_builder_column fusion-builder-column-25 fusion_builder_column_1_5 1_5 fusion-one-fifth\" style=\"--awb-padding-top:10%;--awb-padding-right:10%;--awb-padding-bottom:10%;--awb-padding-left:10%;--awb-bg-size:cover;--awb-margin-bottom:0px;\"><div class=\"fusion-column-wrapper fusion-flex-column-wrapper-legacy\"><div class=\"fusion-column-content-centered\"><div class=\"fusion-column-content\"><div class=\"fusion-text fusion-text-10\"><p style=\"text-align: center;\"><strong>23km<\/strong> Freizeitbad Felsland Badeparadies &amp; Saunawelt in Dahn\u00a0Tel.: + 49 (0) 6391 2179<\/p>\n<p style=\"text-align: center;\"><div class=\"fusion-aligncenter\"><a class=\"fusion-button button-flat fusion-button-default-size button-default fusion-button-default button-11 fusion-button-default-span fusion-button-default-type\" target=\"_blank\" rel=\"noopener noreferrer\" href=\"http:\/\/www.felsland-badeparadies.de\"><span class=\"fusion-button-text awb-button__text awb-button__text--default\">Mehr Infos<\/span><\/a><\/div><\/p>\n<\/div><\/div><\/div><div class=\"fusion-clearfix\"><\/div><\/div><\/div><div class=\"fusion-layout-column fusion_builder_column fusion-builder-column-26 fusion_builder_column_1_5 1_5 fusion-one-fifth\" style=\"--awb-padding-top:10%;--awb-padding-right:10%;--awb-padding-bottom:10%;--awb-padding-left:10%;--awb-bg-size:cover;--awb-margin-bottom:0px;\"><div class=\"fusion-column-wrapper fusion-flex-column-wrapper-legacy\"><div class=\"fusion-column-content-centered\"><div class=\"fusion-column-content\"><div class=\"fusion-text fusion-text-11\"><p style=\"text-align: center;\"><strong>33 km\u00a0<\/strong>Wild- und Wanderpark in Silz\u00a0Tel.: + 49 (0) 6346 5588<\/p>\n<p style=\"text-align: center;\"><div class=\"fusion-aligncenter\"><a class=\"fusion-button button-flat fusion-button-default-size button-default fusion-button-default button-12 fusion-button-default-span fusion-button-default-type\" target=\"_blank\" rel=\"noopener noreferrer\" href=\"http:\/\/www.wildpark-silz.de\/\"><span class=\"fusion-button-text awb-button__text awb-button__text--default\">Mehr Infos<\/span><\/a><\/div><\/p>\n<\/div><\/div><\/div><div class=\"fusion-clearfix\"><\/div><\/div><\/div><div class=\"fusion-layout-column fusion_builder_column fusion-builder-column-27 fusion_builder_column_1_5 1_5 fusion-one-fifth\" style=\"--awb-padding-top:10%;--awb-padding-right:10%;--awb-padding-bottom:10%;--awb-padding-left:10%;--awb-bg-size:cover;--awb-margin-bottom:0px;\"><div class=\"fusion-column-wrapper fusion-flex-column-wrapper-legacy\"><div class=\"fusion-column-content-centered\"><div class=\"fusion-column-content\"><div class=\"fusion-text fusion-text-12\"><p style=\"text-align: center;\"><strong>\u00e0 21 km<\/strong> Cit\u00e9 m\u00e9di\u00e9vale de Wissembourg(F)<\/p>\n<p style=\"text-align: center;\"><div class=\"fusion-aligncenter\"><a class=\"fusion-button button-flat fusion-button-default-size button-default fusion-button-default button-13 fusion-button-default-span fusion-button-default-type\" target=\"_blank\" rel=\"noopener noreferrer\" href=\"http:\/\/www.ot-wissembourg.fr\"><span class=\"fusion-button-text awb-button__text awb-button__text--default\">En savoir plus<\/span><\/a><\/div><\/p>\n<\/div><\/div><\/div><div class=\"fusion-clearfix\"><\/div><\/div><\/div><div class=\"fusion-layout-column fusion_builder_column fusion-builder-column-28 fusion_builder_column_1_5 1_5 fusion-one-fifth fusion-column-last\" style=\"--awb-padding-top:10%;--awb-padding-right:10%;--awb-padding-bottom:10%;--awb-padding-left:10%;--awb-bg-size:cover;--awb-margin-bottom:0px;\"><div class=\"fusion-column-wrapper fusion-flex-column-wrapper-legacy\"><div class=\"fusion-column-content-centered\"><div class=\"fusion-column-content\"><div class=\"fusion-text fusion-text-13\"><p style=\"text-align: center;\"><strong>\u00e0 33 km<\/strong> T\u00e9pacap, parc d\u2019attractions au naturel (F)<\/p>\n<p style=\"text-align: center;\"><div class=\"fusion-aligncenter\"><a class=\"fusion-button button-flat fusion-button-default-size button-default fusion-button-default button-14 fusion-button-default-span fusion-button-default-type\" target=\"_blank\" rel=\"noopener noreferrer\" href=\"http:\/\/www.tepacap-bitche.fr\"><span class=\"fusion-button-text awb-button__text awb-button__text--default\">En savoir plus<\/span><\/a><\/div><\/p>\n<\/div><\/div><\/div><div class=\"fusion-clearfix\"><\/div><\/div><\/div><\/div><\/div><div class=\"fusion-fullwidth fullwidth-box fusion-builder-row-8 hundred-percent-fullwidth non-hundred-percent-height-scrolling fusion-equal-height-columns\" style=\"--awb-background-position:left top;--awb-border-radius-top-left:0px;--awb-border-radius-top-right:0px;--awb-border-radius-bottom-right:0px;--awb-border-radius-bottom-left:0px;--awb-padding-top:0px;--awb-padding-right:0px;--awb-padding-bottom:0px;--awb-padding-left:0px;--awb-border-sizes-top:0px;--awb-border-sizes-bottom:0px;--awb-flex-wrap:wrap;\" id=\"castle-blocks\" ><div class=\"fusion-builder-row fusion-row\"><div class=\"fusion-layout-column fusion_builder_column fusion-builder-column-29 fusion_builder_column_1_3 1_3 fusion-one-third fusion-column-first\" style=\"--awb-bg-image:url(&#039;https:\/\/www.fleckenstein.fr\/wp-content\/uploads\/2015\/07\/le-chateau-fort.jpg&#039;);--awb-bg-size:cover;--awb-margin-bottom:0px;\"><div class=\"fusion-column-wrapper fusion-flex-column-wrapper-legacy fusion-column-has-bg-image\" data-bg-url=\"https:\/\/www.fleckenstein.fr\/wp-content\/uploads\/2015\/07\/le-chateau-fort.jpg\"><div class=\"fusion-text fusion-text-14\"><div class=\"block-teaser\">\n<h2>Wanderungen rund um die Burg<\/h2>\n<div class=\"block-teaser-more\"><div class=\"fusion-aligncenter\"><a class=\"fusion-button button-flat button-medium button-default fusion-button-default button-15 fusion-button-default-span \" target=\"_self\" href=\"\/de\/der-fleckenstein\/rund-um-fleckenstein\/wanderungen-rund-um-die-burg\/\"><span class=\"fusion-button-text awb-button__text awb-button__text--default\">Mehr infos<\/span><\/a><\/div><\/div>\n<\/div>\n<\/div><div class=\"fusion-clearfix\"><\/div><\/div><\/div><div class=\"fusion-layout-column fusion_builder_column fusion-builder-column-30 fusion_builder_column_1_3 1_3 fusion-one-third\" style=\"--awb-bg-image:url(&#039;https:\/\/www.fleckenstein.fr\/wp-content\/uploads\/2015\/07\/Fleckenstein-defit.jpg&#039;);--awb-bg-size:cover;--awb-margin-bottom:0px;\"><div class=\"fusion-column-wrapper fusion-flex-column-wrapper-legacy fusion-column-has-bg-image\" data-bg-url=\"https:\/\/www.fleckenstein.fr\/wp-content\/uploads\/2015\/07\/Fleckenstein-defit.jpg\"><div class=\"fusion-text fusion-text-15\"><div class=\"block-teaser\">\n<h2>In der n\u00e4heren Umgebung<\/h2>\n<div class=\"block-teaser-more\"><div class=\"fusion-aligncenter\"><a class=\"fusion-button button-flat button-medium button-default fusion-button-default button-16 fusion-button-default-span \" target=\"_self\" href=\"\/de\/der-fleckenstein\/rund-um-fleckenstein\/in-der-naeheren-umgebung\/\"><span class=\"fusion-button-text awb-button__text awb-button__text--default\">Mehr infos<\/span><\/a><\/div><\/div>\n<\/div>\n<\/div><div class=\"fusion-clearfix\"><\/div><\/div><\/div><div class=\"fusion-layout-column fusion_builder_column fusion-builder-column-31 fusion_builder_column_1_3 1_3 fusion-one-third fusion-column-last\" style=\"--awb-bg-image:url(&#039;https:\/\/www.fleckenstein.fr\/wp-content\/uploads\/2015\/09\/autour-en-alsace.jpg&#039;);--awb-bg-size:cover;--awb-margin-bottom:0px;\"><div class=\"fusion-column-wrapper fusion-flex-column-wrapper-legacy fusion-column-has-bg-image\" data-bg-url=\"https:\/\/www.fleckenstein.fr\/wp-content\/uploads\/2015\/09\/autour-en-alsace.jpg\"><div class=\"fusion-text fusion-text-16\"><div class=\"block-teaser\">\n<h2>Ausflugsziele im Elsass<\/h2>\n<div class=\"block-teaser-more\"><div class=\"fusion-aligncenter\"><a class=\"fusion-button button-flat button-medium button-default fusion-button-default button-17 fusion-button-default-span \" target=\"_self\" href=\"\/de\/der-fleckenstein\/rund-um-fleckenstein\/ausflugsziele-im-elsass\/\"><span class=\"fusion-button-text awb-button__text awb-button__text--default\">Mehr infos<\/span><\/a><\/div><\/div>\n<\/div>\n<\/div><div class=\"fusion-clearfix\"><\/div><\/div><\/div><\/div><\/div><\/p>\n","protected":false},"excerpt":{"rendered":"","protected":false},"author":1,"featured_media":0,"parent":2700,"menu_order":0,"comment_status":"closed","ping_status":"closed","template":"100-width.php","meta":{"footnotes":""},"class_list":["post-2523","page","type-page","status-publish","hentry"],"yoast_head":"<!-- This site is optimized with the Yoast SEO plugin v27.2 - https:\/\/yoast.com\/product\/yoast-seo-wordpress\/ -->\n<title>Die Wanderungen rund um die Burg Fleckenstein<\/title>\n<meta name=\"description\" content=\"Entdecken Sie auf den vielen Wanderwegen in Frankreich und Deutschland die Burgen Fleckenstein, Loewenstein, Hohenbourg, Wegelnburg und andere.\" \/>\n<meta name=\"robots\" content=\"index, follow, max-snippet:-1, max-image-preview:large, max-video-preview:-1\" \/>\n<link rel=\"canonical\" href=\"https:\/\/www.fleckenstein.fr\/de\/der-fleckenstein\/rund-um-fleckenstein\/ausflugsziele-im-elsass\/\" \/>\n<meta property=\"og:locale\" content=\"de_DE\" \/>\n<meta property=\"og:type\" content=\"article\" \/>\n<meta property=\"og:title\" content=\"Die Wanderungen rund um die Burg Fleckenstein\" \/>\n<meta property=\"og:description\" content=\"Entdecken Sie auf den vielen Wanderwegen in Frankreich und Deutschland die Burgen Fleckenstein, Loewenstein, Hohenbourg, Wegelnburg und andere.\" \/>\n<meta property=\"og:url\" content=\"https:\/\/www.fleckenstein.fr\/de\/der-fleckenstein\/rund-um-fleckenstein\/ausflugsziele-im-elsass\/\" \/>\n<meta property=\"og:site_name\" content=\"Ch\u00e2teau de Fleckenstein\" \/>\n<meta property=\"article:modified_time\" content=\"2017-01-06T16:00:18+00:00\" \/>\n<meta name=\"twitter:card\" content=\"summary_large_image\" \/>\n<meta name=\"twitter:label1\" content=\"Est. reading time\" \/>\n\t<meta name=\"twitter:data1\" content=\"21 minutes\" \/>\n<script type=\"application\/ld+json\" class=\"yoast-schema-graph\">{\"@context\":\"https:\/\/schema.org\",\"@graph\":[{\"@type\":\"WebPage\",\"@id\":\"https:\/\/www.fleckenstein.fr\/de\/der-fleckenstein\/rund-um-fleckenstein\/ausflugsziele-im-elsass\/\",\"url\":\"https:\/\/www.fleckenstein.fr\/de\/der-fleckenstein\/rund-um-fleckenstein\/ausflugsziele-im-elsass\/\",\"name\":\"Die Wanderungen rund um die Burg Fleckenstein\",\"isPartOf\":{\"@id\":\"https:\/\/www.fleckenstein.fr\/de\/#website\"},\"datePublished\":\"2016-03-14T13:45:10+00:00\",\"dateModified\":\"2017-01-06T16:00:18+00:00\",\"description\":\"Entdecken Sie auf den vielen Wanderwegen in Frankreich und Deutschland die Burgen Fleckenstein, Loewenstein, Hohenbourg, Wegelnburg und andere.\",\"breadcrumb\":{\"@id\":\"https:\/\/www.fleckenstein.fr\/de\/der-fleckenstein\/rund-um-fleckenstein\/ausflugsziele-im-elsass\/#breadcrumb\"},\"inLanguage\":\"de-DE\",\"potentialAction\":[{\"@type\":\"ReadAction\",\"target\":[\"https:\/\/www.fleckenstein.fr\/de\/der-fleckenstein\/rund-um-fleckenstein\/ausflugsziele-im-elsass\/\"]}]},{\"@type\":\"BreadcrumbList\",\"@id\":\"https:\/\/www.fleckenstein.fr\/de\/der-fleckenstein\/rund-um-fleckenstein\/ausflugsziele-im-elsass\/#breadcrumb\",\"itemListElement\":[{\"@type\":\"ListItem\",\"position\":1,\"name\":\"Accueil\",\"item\":\"https:\/\/www.fleckenstein.fr\/de\/\"},{\"@type\":\"ListItem\",\"position\":2,\"name\":\"Der Fleckenstein\",\"item\":\"https:\/\/www.fleckenstein.fr\/de\/der-fleckenstein\/\"},{\"@type\":\"ListItem\",\"position\":3,\"name\":\"Autour de Fleckenstein \/ Rund um Fleckenstein\",\"item\":\"https:\/\/www.fleckenstein.fr\/de\/der-fleckenstein\/rund-um-fleckenstein\/\"},{\"@type\":\"ListItem\",\"position\":4,\"name\":\"Ausflugsziele im Elsass \/ Autour en Alsace\"}]},{\"@type\":\"WebSite\",\"@id\":\"https:\/\/www.fleckenstein.fr\/de\/#website\",\"url\":\"https:\/\/www.fleckenstein.fr\/de\/\",\"name\":\"Ch\u00e2teau de Fleckenstein\",\"description\":\"Entdecken Sie die Burg Fleckenstein in Frankreich nahe der deutschen Grenze\",\"potentialAction\":[{\"@type\":\"SearchAction\",\"target\":{\"@type\":\"EntryPoint\",\"urlTemplate\":\"https:\/\/www.fleckenstein.fr\/de\/?s={search_term_string}\"},\"query-input\":{\"@type\":\"PropertyValueSpecification\",\"valueRequired\":true,\"valueName\":\"search_term_string\"}}],\"inLanguage\":\"de-DE\"}]}<\/script>\n<!-- \/ Yoast SEO plugin. -->","yoast_head_json":{"title":"Die Wanderungen rund um die Burg Fleckenstein","description":"Entdecken Sie auf den vielen Wanderwegen in Frankreich und Deutschland die Burgen Fleckenstein, Loewenstein, Hohenbourg, Wegelnburg und andere.","robots":{"index":"index","follow":"follow","max-snippet":"max-snippet:-1","max-image-preview":"max-image-preview:large","max-video-preview":"max-video-preview:-1"},"canonical":"https:\/\/www.fleckenstein.fr\/de\/der-fleckenstein\/rund-um-fleckenstein\/ausflugsziele-im-elsass\/","og_locale":"de_DE","og_type":"article","og_title":"Die Wanderungen rund um die Burg Fleckenstein","og_description":"Entdecken Sie auf den vielen Wanderwegen in Frankreich und Deutschland die Burgen Fleckenstein, Loewenstein, Hohenbourg, Wegelnburg und andere.","og_url":"https:\/\/www.fleckenstein.fr\/de\/der-fleckenstein\/rund-um-fleckenstein\/ausflugsziele-im-elsass\/","og_site_name":"Ch\u00e2teau de Fleckenstein","article_modified_time":"2017-01-06T16:00:18+00:00","twitter_card":"summary_large_image","twitter_misc":{"Est. reading time":"21 minutes"},"schema":{"@context":"https:\/\/schema.org","@graph":[{"@type":"WebPage","@id":"https:\/\/www.fleckenstein.fr\/de\/der-fleckenstein\/rund-um-fleckenstein\/ausflugsziele-im-elsass\/","url":"https:\/\/www.fleckenstein.fr\/de\/der-fleckenstein\/rund-um-fleckenstein\/ausflugsziele-im-elsass\/","name":"Die Wanderungen rund um die Burg Fleckenstein","isPartOf":{"@id":"https:\/\/www.fleckenstein.fr\/de\/#website"},"datePublished":"2016-03-14T13:45:10+00:00","dateModified":"2017-01-06T16:00:18+00:00","description":"Entdecken Sie auf den vielen Wanderwegen in Frankreich und Deutschland die Burgen Fleckenstein, Loewenstein, Hohenbourg, Wegelnburg und andere.","breadcrumb":{"@id":"https:\/\/www.fleckenstein.fr\/de\/der-fleckenstein\/rund-um-fleckenstein\/ausflugsziele-im-elsass\/#breadcrumb"},"inLanguage":"de-DE","potentialAction":[{"@type":"ReadAction","target":["https:\/\/www.fleckenstein.fr\/de\/der-fleckenstein\/rund-um-fleckenstein\/ausflugsziele-im-elsass\/"]}]},{"@type":"BreadcrumbList","@id":"https:\/\/www.fleckenstein.fr\/de\/der-fleckenstein\/rund-um-fleckenstein\/ausflugsziele-im-elsass\/#breadcrumb","itemListElement":[{"@type":"ListItem","position":1,"name":"Accueil","item":"https:\/\/www.fleckenstein.fr\/de\/"},{"@type":"ListItem","position":2,"name":"Der Fleckenstein","item":"https:\/\/www.fleckenstein.fr\/de\/der-fleckenstein\/"},{"@type":"ListItem","position":3,"name":"Autour de Fleckenstein \/ Rund um Fleckenstein","item":"https:\/\/www.fleckenstein.fr\/de\/der-fleckenstein\/rund-um-fleckenstein\/"},{"@type":"ListItem","position":4,"name":"Ausflugsziele im Elsass \/ Autour en Alsace"}]},{"@type":"WebSite","@id":"https:\/\/www.fleckenstein.fr\/de\/#website","url":"https:\/\/www.fleckenstein.fr\/de\/","name":"Ch\u00e2teau de Fleckenstein","description":"Entdecken Sie die Burg Fleckenstein in Frankreich nahe der deutschen Grenze","potentialAction":[{"@type":"SearchAction","target":{"@type":"EntryPoint","urlTemplate":"https:\/\/www.fleckenstein.fr\/de\/?s={search_term_string}"},"query-input":{"@type":"PropertyValueSpecification","valueRequired":true,"valueName":"search_term_string"}}],"inLanguage":"de-DE"}]}},"_links":{"self":[{"href":"https:\/\/www.fleckenstein.fr\/de\/wp-json\/wp\/v2\/pages\/2523","targetHints":{"allow":["GET"]}}],"collection":[{"href":"https:\/\/www.fleckenstein.fr\/de\/wp-json\/wp\/v2\/pages"}],"about":[{"href":"https:\/\/www.fleckenstein.fr\/de\/wp-json\/wp\/v2\/types\/page"}],"author":[{"embeddable":true,"href":"https:\/\/www.fleckenstein.fr\/de\/wp-json\/wp\/v2\/users\/1"}],"replies":[{"embeddable":true,"href":"https:\/\/www.fleckenstein.fr\/de\/wp-json\/wp\/v2\/comments?post=2523"}],"version-history":[{"count":8,"href":"https:\/\/www.fleckenstein.fr\/de\/wp-json\/wp\/v2\/pages\/2523\/revisions"}],"predecessor-version":[{"id":3598,"href":"https:\/\/www.fleckenstein.fr\/de\/wp-json\/wp\/v2\/pages\/2523\/revisions\/3598"}],"up":[{"embeddable":true,"href":"https:\/\/www.fleckenstein.fr\/de\/wp-json\/wp\/v2\/pages\/2700"}],"wp:attachment":[{"href":"https:\/\/www.fleckenstein.fr\/de\/wp-json\/wp\/v2\/media?parent=2523"}],"curies":[{"name":"wp","href":"https:\/\/api.w.org\/{rel}","templated":true}]}}